{"id":613,"date":"2020-05-08T10:56:03","date_gmt":"2020-05-08T13:56:03","guid":{"rendered":"http:\/\/www.musculoesqueleticousp.com.br\/?page_id=613"},"modified":"2024-06-18T16:55:30","modified_gmt":"2024-06-18T19:55:30","slug":"tarcisio-eloy-pessoa-de-barros-filho","status":"publish","type":"page","link":"https:\/\/www.musculoesqueleticousp.com.br\/es\/pesquisas\/orientadores\/tarcisio-eloy-pessoa-de-barros-filho\/","title":{"rendered":"Tarcisio Eloy Pessoa de Barros Filho"},"content":{"rendered":"<p><strong><img loading=\"lazy\" decoding=\"async\" class=\"alignleft size-full wp-image-614\" src=\"http:\/\/www.musculoesqueleticousp.com.br\/wp-content\/uploads\/2020\/05\/e_FOTO_TARCISIO-ELOY-PESSOA-DE-BARROS-FILHO.jpg\" alt=\"\" width=\"162\" height=\"225\" srcset=\"https:\/\/www.musculoesqueleticousp.com.br\/wp-content\/uploads\/2020\/05\/e_FOTO_TARCISIO-ELOY-PESSOA-DE-BARROS-FILHO.jpg 162w, https:\/\/www.musculoesqueleticousp.com.br\/wp-content\/uploads\/2020\/05\/e_FOTO_TARCISIO-ELOY-PESSOA-DE-BARROS-FILHO-105x146.jpg 105w, https:\/\/www.musculoesqueleticousp.com.br\/wp-content\/uploads\/2020\/05\/e_FOTO_TARCISIO-ELOY-PESSOA-DE-BARROS-FILHO-36x50.jpg 36w, https:\/\/www.musculoesqueleticousp.com.br\/wp-content\/uploads\/2020\/05\/e_FOTO_TARCISIO-ELOY-PESSOA-DE-BARROS-FILHO-54x75.jpg 54w\" sizes=\"auto, (max-width: 162px) 100vw, 162px\" \/><\/strong><\/p>\n<p><strong>T\u00edtulo:<\/strong> Profesor Titular \/ Diretor da FMUSP<br \/>\n<strong>E-mail: <\/strong><a href=\"mailto:pebarros@globo.com\">pebarros@globo.com<\/a><br \/>\n<strong>Lattes: <\/strong><a href=\"http:\/\/lattes.cnpq.br\/0184210970787271\" target=\"_blank\" rel=\"noopener noreferrer\">http:\/\/lattes.cnpq.br\/0184210970787271<\/a><br \/>\n<strong>Orcid<\/strong>: ID 0000-0002-7969-7845 &#8211; <a href=\"https:\/\/orcid.org\/0000-0002-7969-7845\">https:\/\/orcid.org\/0000-0002-7969-7845<\/a><br \/>\n<strong>Scopus<\/strong>: ID 6603692073 &#8211; <a href=\"https:\/\/www.scopus.com\/authid\/detail.uri?authorId=6603692073\">https:\/\/www.scopus.com\/authid\/detail.uri?authorId=6603692073<\/a><br \/>\n<strong>Google Scholar<\/strong>: ID 7l3xjjyaaaaj &#8211; <a href=\"https:\/\/scholar.google.com.br\/citations?user=7l3XJjYAAAAJ&amp;hl=pt-BR&amp;oi=ao\">https:\/\/scholar.google.com.br\/citations?user=7l3XJjYAAAAJ&amp;hl=pt-BR&amp;oi=ao<\/a><br \/>\n<strong>Research ID:<\/strong> K-3138-2016 &#8211; <a href=\"https:\/\/publons.com\/researcher\/2242143\/tarcisio-ep-barros-filho\/\">https:\/\/publons.com\/researcher\/2242143\/tarcisio-ep-barros-filho\/<\/a><\/p>\n<h2><strong>L\u00ednea de investigaci\u00f3n:\u00a0<\/strong><\/h2>\n<p><strong>Principales:<\/strong> Traumatismo raquimedular; Afecciones de la columna vertebral e investigaci\u00f3n con c\u00e9lulas madre en las afecciones de la columna<\/p>\n<h2>Resumen<\/h2>\n<p>Coordinador de los laboratorios a) Letran-\u00a0Laboratorio especializado para las investigaciones experimentales en el \u00e1rea de reparaci\u00f3n y reconstrucci\u00f3n nerviosa; b) Cenatra &#8211; Centro de Referencia para Atenci\u00f3n Especializada Integral al Traumatismo Raquimedular<\/p>\n<ol>\n<li>En el Letran son utilizados est\u00e1ndares internacionales para estandarizaci\u00f3n y validaci\u00f3n de contusiones medulares. El laboratorio dispone de un equipamiento computadorizado de impacto por ca\u00edda de peso (New York Impactor) que fue desarrollado por la New York University \u2013 EE.UU., y adoptado por el \u201cMulticenter Animal Spinal Cord Injury Study &#8211; MASCIS\u201d, coordinado por el Prof. Wise Young de la Rutgers University, EE.UU., para uso estandarizado del modelo experimental de lesi\u00f3n de m\u00e9dula espinal en ratones Wistar.<\/li>\n<\/ol>\n<p>Desarrolla t\u00e9cnicas terap\u00e9uticas con el empleo de c\u00e9lulas madre, de factores de crecimiento y de ingenier\u00eda de tejidos. Se constituye en una de las principales herramientas de investigaci\u00f3n avanzada del CENATRA.<\/p>\n<ol>\n<li>El Cenatra &#8211;\u00a0Centro de Referencia para Atenci\u00f3n Especializada Integral al Traumatismo Raquimedular, tiene car\u00e1cter nuclear, multic\u00e9ntrico, interinstitucional, multidisciplinario y multiprofesional para asistencia m\u00e9dica, terciaria y cuaternaria, y param\u00e9dica a los pacientes v\u00edctimas de traumatismo raquimedular.<\/li>\n<\/ol>\n<p>Ambos laboratorios tienen capacidad para recibir alumnos de grado, postgrado, residentes e investigadores nacionales e internacionales, para desarrollo de protocolos de investigaciones en las varias afecciones de la columna vertebral.<\/p>\n<h2>Art\u00edculos relevantes:<\/h2>\n<ol>\n<li>Petersen PA, Marcon RM, Letaif OB, Mello Santos MA, Oliveira RG, Barros Filho TE, Cristante AF. Does Kyphectomy Improve the Quality of Life of Patients With yelomeningocele? Clin Orthop Relat Res. 2020 Jan;478(1):104-111.<\/li>\n<li>Barros AGC, Cristante AF, Santos GBD, Natalino RJM, Ferreira RJR, Barros-Filho TEP. Evaluation of the effects of erythropoietin and interleukin-6 in rats submitted to acute spinal cord injury. Clinics (Sao Paulo). 2019;74:e674.<\/li>\n<li>Tavares Junior MCM, de Souza JPV, Araujo TPF, Marcon RM, Cristante AF, de Barros Filho TEP, Letaif OB. Comparative tomographic study of the S2-alar-iliac screw versus the iliac screw. Eur Spine J. 2019;28(4):855-862.<\/li>\n<li>Fernandes LG, Cristante AF, Marcon RM, de Barros Filho TEP, Letaif OB. Feasibility of anterior screw fixation in children: a tomographic study. Eur Spine J. 2018;27(6):1388-1392.<\/li>\n<li>de Mesquita Coutinho PR, Cristante AF, de Barros Filho TE, Ferreira R, Dos Santos GB. Effects of tacrolimus and erythropoietin in experimental spinal cord lesion in rats: functional and histological evaluation. Spinal Cord. 2016;54(6):439-44.<\/li>\n<\/ol>\n<p>&nbsp;<\/p>\n<h2><strong>PROJETOS ORIENTADOR\/ LINHA<\/strong><\/h2>\n<p><strong>Linha 1. MODELOS PARA AN\u00c1LISE DE LES\u00d5ES DO SISTEMA NERVOSO<br \/>\n<\/strong><strong>PROJETO TARCISIO BARROS: <\/strong>FRATURAS DA COLUNA VERTEBRAL<br \/>\n<strong>PROJETO TARCISIO BARROS:<\/strong> TRAUMARAQUIMEDULAR<br \/>\n<strong>Linha 3. DIST\u00daRBIOS DEGENERATIVOS, INFLAMAT\u00d3RIOS E ESTRUTURAIS DO SISTEMA LOCOMOTOR<br \/>\n<\/strong><strong>PROJETO TARCISIO BARROS:<\/strong> TUMORES DA COLUNA VERTEBRAL<\/p>","protected":false},"excerpt":{"rendered":"<p>T\u00edtulo: Profesor Titular \/ Diretor da FMUSP E-mail: pebarros@globo.com Lattes: http:\/\/lattes.cnpq.br\/0184210970787271 Orcid: ID 0000-0002-7969-7845 &#8211; https:\/\/orcid.org\/0000-0002-7969-7845 Scopus: ID 6603692073 &#8211; https:\/\/www.scopus.com\/authid\/detail.uri?authorId=6603692073 Google Scholar: ID 7l3xjjyaaaaj &#8211; [&hellip;]<\/p>\n","protected":false},"author":1,"featured_media":0,"parent":25,"menu_order":0,"comment_status":"closed","ping_status":"closed","template":"","meta":{"footnotes":""},"class_list":["post-613","page","type-page","status-publish","hentry"],"yoast_head":"<!-- This site is optimized with the Yoast SEO plugin v25.5 - https:\/\/yoast.com\/wordpress\/plugins\/seo\/ -->\n<title>Tarcisio Eloy Pessoa de Barros Filho - P\u00f3s-Gradua\u00e7\u00e3o em Ci\u00eancias do Sistema Musculoesquel\u00e9tico<\/title>\n<meta name=\"robots\" content=\"index, follow, max-snippet:-1, max-image-preview:large, max-video-preview:-1\" \/>\n<link rel=\"canonical\" href=\"https:\/\/www.musculoesqueleticousp.com.br\/pesquisas\/orientadores\/tarcisio-eloy-pessoa-de-barros-filho\/\" \/>\n<meta property=\"og:locale\" content=\"es_ES\" \/>\n<meta property=\"og:type\" content=\"article\" \/>\n<meta property=\"og:title\" content=\"Tarcisio Eloy Pessoa de Barros Filho - P\u00f3s-Gradua\u00e7\u00e3o em Ci\u00eancias do Sistema Musculoesquel\u00e9tico\" \/>\n<meta property=\"og:description\" content=\"T\u00edtulo: Profesor Titular \/ Diretor da FMUSP E-mail: pebarros@globo.com Lattes: http:\/\/lattes.cnpq.br\/0184210970787271 Orcid: ID 0000-0002-7969-7845 &#8211; https:\/\/orcid.org\/0000-0002-7969-7845 Scopus: ID 6603692073 &#8211; https:\/\/www.scopus.com\/authid\/detail.uri?authorId=6603692073 Google Scholar: ID 7l3xjjyaaaaj &#8211; [&hellip;]\" \/>\n<meta property=\"og:url\" content=\"https:\/\/www.musculoesqueleticousp.com.br\/pesquisas\/orientadores\/tarcisio-eloy-pessoa-de-barros-filho\/\" \/>\n<meta property=\"og:site_name\" content=\"P\u00f3s-Gradua\u00e7\u00e3o em Ci\u00eancias do Sistema Musculoesquel\u00e9tico\" \/>\n<meta property=\"article:modified_time\" content=\"2024-06-18T19:55:30+00:00\" \/>\n<meta property=\"og:image\" content=\"http:\/\/www.musculoesqueleticousp.com.br\/wp-content\/uploads\/2020\/05\/e_FOTO_TARCISIO-ELOY-PESSOA-DE-BARROS-FILHO.jpg\" \/>\n<meta name=\"twitter:card\" content=\"summary_large_image\" \/>\n<meta name=\"twitter:label1\" content=\"Tiempo de lectura\" \/>\n\t<meta name=\"twitter:data1\" content=\"8 minutos\" \/>\n<script type=\"application\/ld+json\" class=\"yoast-schema-graph\">{\"@context\":\"https:\/\/schema.org\",\"@graph\":[{\"@type\":\"WebPage\",\"@id\":\"https:\/\/www.musculoesqueleticousp.com.br\/pesquisas\/orientadores\/tarcisio-eloy-pessoa-de-barros-filho\/\",\"url\":\"https:\/\/www.musculoesqueleticousp.com.br\/pesquisas\/orientadores\/tarcisio-eloy-pessoa-de-barros-filho\/\",\"name\":\"Tarcisio Eloy Pessoa de Barros Filho - P\u00f3s-Gradua\u00e7\u00e3o em Ci\u00eancias do Sistema Musculoesquel\u00e9tico\",\"isPartOf\":{\"@id\":\"https:\/\/www.musculoesqueleticousp.com.br\/en\/#website\"},\"primaryImageOfPage\":{\"@id\":\"https:\/\/www.musculoesqueleticousp.com.br\/pesquisas\/orientadores\/tarcisio-eloy-pessoa-de-barros-filho\/#primaryimage\"},\"image\":{\"@id\":\"https:\/\/www.musculoesqueleticousp.com.br\/pesquisas\/orientadores\/tarcisio-eloy-pessoa-de-barros-filho\/#primaryimage\"},\"thumbnailUrl\":\"http:\/\/www.musculoesqueleticousp.com.br\/wp-content\/uploads\/2020\/05\/e_FOTO_TARCISIO-ELOY-PESSOA-DE-BARROS-FILHO.jpg\",\"datePublished\":\"2020-05-08T13:56:03+00:00\",\"dateModified\":\"2024-06-18T19:55:30+00:00\",\"breadcrumb\":{\"@id\":\"https:\/\/www.musculoesqueleticousp.com.br\/pesquisas\/orientadores\/tarcisio-eloy-pessoa-de-barros-filho\/#breadcrumb\"},\"inLanguage\":\"es\",\"potentialAction\":[{\"@type\":\"ReadAction\",\"target\":[\"https:\/\/www.musculoesqueleticousp.com.br\/pesquisas\/orientadores\/tarcisio-eloy-pessoa-de-barros-filho\/\"]}]},{\"@type\":\"ImageObject\",\"inLanguage\":\"es\",\"@id\":\"https:\/\/www.musculoesqueleticousp.com.br\/pesquisas\/orientadores\/tarcisio-eloy-pessoa-de-barros-filho\/#primaryimage\",\"url\":\"http:\/\/www.musculoesqueleticousp.com.br\/wp-content\/uploads\/2020\/05\/e_FOTO_TARCISIO-ELOY-PESSOA-DE-BARROS-FILHO.jpg\",\"contentUrl\":\"http:\/\/www.musculoesqueleticousp.com.br\/wp-content\/uploads\/2020\/05\/e_FOTO_TARCISIO-ELOY-PESSOA-DE-BARROS-FILHO.jpg\"},{\"@type\":\"BreadcrumbList\",\"@id\":\"https:\/\/www.musculoesqueleticousp.com.br\/pesquisas\/orientadores\/tarcisio-eloy-pessoa-de-barros-filho\/#breadcrumb\",\"itemListElement\":[{\"@type\":\"ListItem\",\"position\":1,\"name\":\"Home\",\"item\":\"https:\/\/www.musculoesqueleticousp.com.br\/en\/\"},{\"@type\":\"ListItem\",\"position\":2,\"name\":\"Research\",\"item\":\"https:\/\/www.musculoesqueleticousp.com.br\/en\/pesquisas\/\"},{\"@type\":\"ListItem\",\"position\":3,\"name\":\"Orientadores\",\"item\":\"https:\/\/www.musculoesqueleticousp.com.br\/pesquisas\/orientadores\/\"},{\"@type\":\"ListItem\",\"position\":4,\"name\":\"Tarcisio Eloy Pessoa de Barros Filho\"}]},{\"@type\":\"WebSite\",\"@id\":\"https:\/\/www.musculoesqueleticousp.com.br\/en\/#website\",\"url\":\"https:\/\/www.musculoesqueleticousp.com.br\/en\/\",\"name\":\"P\u00f3s-Gradua\u00e7\u00e3o em Ci\u00eancias do Sistema Musculoesquel\u00e9tico\",\"description\":\"Website do P\u00f3s-Gradua\u00e7\u00e3o em Ci\u00eancias do Sistema Musculoesquel\u00e9tico\",\"publisher\":{\"@id\":\"https:\/\/www.musculoesqueleticousp.com.br\/en\/#organization\"},\"potentialAction\":[{\"@type\":\"SearchAction\",\"target\":{\"@type\":\"EntryPoint\",\"urlTemplate\":\"https:\/\/www.musculoesqueleticousp.com.br\/en\/?s={search_term_string}\"},\"query-input\":{\"@type\":\"PropertyValueSpecification\",\"valueRequired\":true,\"valueName\":\"search_term_string\"}}],\"inLanguage\":\"es\"},{\"@type\":\"Organization\",\"@id\":\"https:\/\/www.musculoesqueleticousp.com.br\/en\/#organization\",\"name\":\"P\u00f3s-Gradua\u00e7\u00e3o em Ci\u00eancias do Sistema Musculoesquel\u00e9tico\",\"url\":\"https:\/\/www.musculoesqueleticousp.com.br\/en\/\",\"logo\":{\"@type\":\"ImageObject\",\"inLanguage\":\"es\",\"@id\":\"https:\/\/www.musculoesqueleticousp.com.br\/en\/#\/schema\/logo\/image\/\",\"url\":\"https:\/\/www.musculoesqueleticousp.com.br\/wp-content\/uploads\/2020\/04\/logo_pg_cme_v3_h120.png\",\"contentUrl\":\"https:\/\/www.musculoesqueleticousp.com.br\/wp-content\/uploads\/2020\/04\/logo_pg_cme_v3_h120.png\",\"width\":481,\"height\":120,\"caption\":\"P\u00f3s-Gradua\u00e7\u00e3o em Ci\u00eancias do Sistema Musculoesquel\u00e9tico\"},\"image\":{\"@id\":\"https:\/\/www.musculoesqueleticousp.com.br\/en\/#\/schema\/logo\/image\/\"}}]}<\/script>\n<!-- \/ Yoast SEO plugin. -->","yoast_head_json":{"title":"Tarcisio Eloy Pessoa de Barros Filho - P\u00f3s-Gradua\u00e7\u00e3o em Ci\u00eancias do Sistema Musculoesquel\u00e9tico","robots":{"index":"index","follow":"follow","max-snippet":"max-snippet:-1","max-image-preview":"max-image-preview:large","max-video-preview":"max-video-preview:-1"},"canonical":"https:\/\/www.musculoesqueleticousp.com.br\/pesquisas\/orientadores\/tarcisio-eloy-pessoa-de-barros-filho\/","og_locale":"es_ES","og_type":"article","og_title":"Tarcisio Eloy Pessoa de Barros Filho - P\u00f3s-Gradua\u00e7\u00e3o em Ci\u00eancias do Sistema Musculoesquel\u00e9tico","og_description":"T\u00edtulo: Profesor Titular \/ Diretor da FMUSP E-mail: pebarros@globo.com Lattes: http:\/\/lattes.cnpq.br\/0184210970787271 Orcid: ID 0000-0002-7969-7845 &#8211; https:\/\/orcid.org\/0000-0002-7969-7845 Scopus: ID 6603692073 &#8211; https:\/\/www.scopus.com\/authid\/detail.uri?authorId=6603692073 Google Scholar: ID 7l3xjjyaaaaj &#8211; [&hellip;]","og_url":"https:\/\/www.musculoesqueleticousp.com.br\/pesquisas\/orientadores\/tarcisio-eloy-pessoa-de-barros-filho\/","og_site_name":"P\u00f3s-Gradua\u00e7\u00e3o em Ci\u00eancias do Sistema Musculoesquel\u00e9tico","article_modified_time":"2024-06-18T19:55:30+00:00","og_image":[{"url":"http:\/\/www.musculoesqueleticousp.com.br\/wp-content\/uploads\/2020\/05\/e_FOTO_TARCISIO-ELOY-PESSOA-DE-BARROS-FILHO.jpg","type":"","width":"","height":""}],"twitter_card":"summary_large_image","twitter_misc":{"Tiempo de lectura":"8 minutos"},"schema":{"@context":"https:\/\/schema.org","@graph":[{"@type":"WebPage","@id":"https:\/\/www.musculoesqueleticousp.com.br\/pesquisas\/orientadores\/tarcisio-eloy-pessoa-de-barros-filho\/","url":"https:\/\/www.musculoesqueleticousp.com.br\/pesquisas\/orientadores\/tarcisio-eloy-pessoa-de-barros-filho\/","name":"Tarcisio Eloy Pessoa de Barros Filho - P\u00f3s-Gradua\u00e7\u00e3o em Ci\u00eancias do Sistema Musculoesquel\u00e9tico","isPartOf":{"@id":"https:\/\/www.musculoesqueleticousp.com.br\/en\/#website"},"primaryImageOfPage":{"@id":"https:\/\/www.musculoesqueleticousp.com.br\/pesquisas\/orientadores\/tarcisio-eloy-pessoa-de-barros-filho\/#primaryimage"},"image":{"@id":"https:\/\/www.musculoesqueleticousp.com.br\/pesquisas\/orientadores\/tarcisio-eloy-pessoa-de-barros-filho\/#primaryimage"},"thumbnailUrl":"http:\/\/www.musculoesqueleticousp.com.br\/wp-content\/uploads\/2020\/05\/e_FOTO_TARCISIO-ELOY-PESSOA-DE-BARROS-FILHO.jpg","datePublished":"2020-05-08T13:56:03+00:00","dateModified":"2024-06-18T19:55:30+00:00","breadcrumb":{"@id":"https:\/\/www.musculoesqueleticousp.com.br\/pesquisas\/orientadores\/tarcisio-eloy-pessoa-de-barros-filho\/#breadcrumb"},"inLanguage":"es","potentialAction":[{"@type":"ReadAction","target":["https:\/\/www.musculoesqueleticousp.com.br\/pesquisas\/orientadores\/tarcisio-eloy-pessoa-de-barros-filho\/"]}]},{"@type":"ImageObject","inLanguage":"es","@id":"https:\/\/www.musculoesqueleticousp.com.br\/pesquisas\/orientadores\/tarcisio-eloy-pessoa-de-barros-filho\/#primaryimage","url":"http:\/\/www.musculoesqueleticousp.com.br\/wp-content\/uploads\/2020\/05\/e_FOTO_TARCISIO-ELOY-PESSOA-DE-BARROS-FILHO.jpg","contentUrl":"http:\/\/www.musculoesqueleticousp.com.br\/wp-content\/uploads\/2020\/05\/e_FOTO_TARCISIO-ELOY-PESSOA-DE-BARROS-FILHO.jpg"},{"@type":"BreadcrumbList","@id":"https:\/\/www.musculoesqueleticousp.com.br\/pesquisas\/orientadores\/tarcisio-eloy-pessoa-de-barros-filho\/#breadcrumb","itemListElement":[{"@type":"ListItem","position":1,"name":"Home","item":"https:\/\/www.musculoesqueleticousp.com.br\/en\/"},{"@type":"ListItem","position":2,"name":"Research","item":"https:\/\/www.musculoesqueleticousp.com.br\/en\/pesquisas\/"},{"@type":"ListItem","position":3,"name":"Orientadores","item":"https:\/\/www.musculoesqueleticousp.com.br\/pesquisas\/orientadores\/"},{"@type":"ListItem","position":4,"name":"Tarcisio Eloy Pessoa de Barros Filho"}]},{"@type":"WebSite","@id":"https:\/\/www.musculoesqueleticousp.com.br\/en\/#website","url":"https:\/\/www.musculoesqueleticousp.com.br\/en\/","name":"P\u00f3s-Gradua\u00e7\u00e3o em Ci\u00eancias do Sistema Musculoesquel\u00e9tico","description":"Website do P\u00f3s-Gradua\u00e7\u00e3o em Ci\u00eancias do Sistema Musculoesquel\u00e9tico","publisher":{"@id":"https:\/\/www.musculoesqueleticousp.com.br\/en\/#organization"},"potentialAction":[{"@type":"SearchAction","target":{"@type":"EntryPoint","urlTemplate":"https:\/\/www.musculoesqueleticousp.com.br\/en\/?s={search_term_string}"},"query-input":{"@type":"PropertyValueSpecification","valueRequired":true,"valueName":"search_term_string"}}],"inLanguage":"es"},{"@type":"Organization","@id":"https:\/\/www.musculoesqueleticousp.com.br\/en\/#organization","name":"P\u00f3s-Gradua\u00e7\u00e3o em Ci\u00eancias do Sistema Musculoesquel\u00e9tico","url":"https:\/\/www.musculoesqueleticousp.com.br\/en\/","logo":{"@type":"ImageObject","inLanguage":"es","@id":"https:\/\/www.musculoesqueleticousp.com.br\/en\/#\/schema\/logo\/image\/","url":"https:\/\/www.musculoesqueleticousp.com.br\/wp-content\/uploads\/2020\/04\/logo_pg_cme_v3_h120.png","contentUrl":"https:\/\/www.musculoesqueleticousp.com.br\/wp-content\/uploads\/2020\/04\/logo_pg_cme_v3_h120.png","width":481,"height":120,"caption":"P\u00f3s-Gradua\u00e7\u00e3o em Ci\u00eancias do Sistema Musculoesquel\u00e9tico"},"image":{"@id":"https:\/\/www.musculoesqueleticousp.com.br\/en\/#\/schema\/logo\/image\/"}}]}},"_links":{"self":[{"href":"https:\/\/www.musculoesqueleticousp.com.br\/es\/wp-json\/wp\/v2\/pages\/613","targetHints":{"allow":["GET"]}}],"collection":[{"href":"https:\/\/www.musculoesqueleticousp.com.br\/es\/wp-json\/wp\/v2\/pages"}],"about":[{"href":"https:\/\/www.musculoesqueleticousp.com.br\/es\/wp-json\/wp\/v2\/types\/page"}],"author":[{"embeddable":true,"href":"https:\/\/www.musculoesqueleticousp.com.br\/es\/wp-json\/wp\/v2\/users\/1"}],"replies":[{"embeddable":true,"href":"https:\/\/www.musculoesqueleticousp.com.br\/es\/wp-json\/wp\/v2\/comments?post=613"}],"version-history":[{"count":8,"href":"https:\/\/www.musculoesqueleticousp.com.br\/es\/wp-json\/wp\/v2\/pages\/613\/revisions"}],"predecessor-version":[{"id":2861,"href":"https:\/\/www.musculoesqueleticousp.com.br\/es\/wp-json\/wp\/v2\/pages\/613\/revisions\/2861"}],"up":[{"embeddable":true,"href":"https:\/\/www.musculoesqueleticousp.com.br\/es\/wp-json\/wp\/v2\/pages\/25"}],"wp:attachment":[{"href":"https:\/\/www.musculoesqueleticousp.com.br\/es\/wp-json\/wp\/v2\/media?parent=613"}],"curies":[{"name":"wp","href":"https:\/\/api.w.org\/{rel}","templated":true}]}}