{"id":604,"date":"2020-05-08T10:47:16","date_gmt":"2020-05-08T13:47:16","guid":{"rendered":"http:\/\/www.musculoesqueleticousp.com.br\/?page_id=604"},"modified":"2024-06-18T16:50:48","modified_gmt":"2024-06-18T19:50:48","slug":"rames-mattar-junior","status":"publish","type":"page","link":"https:\/\/www.musculoesqueleticousp.com.br\/es\/pesquisas\/orientadores\/rames-mattar-junior\/","title":{"rendered":"Rames Mattar Junior"},"content":{"rendered":"<p><strong><img loading=\"lazy\" decoding=\"async\" class=\"alignleft size-full wp-image-605\" src=\"http:\/\/www.musculoesqueleticousp.com.br\/wp-content\/uploads\/2020\/05\/e_FOTO_RAMES-MATTAR-JUNIOR.jpg\" alt=\"\" width=\"180\" height=\"225\" srcset=\"https:\/\/www.musculoesqueleticousp.com.br\/wp-content\/uploads\/2020\/05\/e_FOTO_RAMES-MATTAR-JUNIOR.jpg 180w, https:\/\/www.musculoesqueleticousp.com.br\/wp-content\/uploads\/2020\/05\/e_FOTO_RAMES-MATTAR-JUNIOR-117x146.jpg 117w, https:\/\/www.musculoesqueleticousp.com.br\/wp-content\/uploads\/2020\/05\/e_FOTO_RAMES-MATTAR-JUNIOR-40x50.jpg 40w, https:\/\/www.musculoesqueleticousp.com.br\/wp-content\/uploads\/2020\/05\/e_FOTO_RAMES-MATTAR-JUNIOR-60x75.jpg 60w\" sizes=\"auto, (max-width: 180px) 100vw, 180px\" \/><\/strong><strong>T\u00edtulo:<\/strong> Profesor Asociado<br \/>\n<strong>E-mail: <\/strong><a href=\"mailto:rames@usp.br\">rames@usp.br<\/a><br \/>\n<strong>Lattes: <\/strong><a href=\"http:\/\/lattes.cnpq.br\/7312422602842320\" target=\"_blank\" rel=\"noopener noreferrer\">http:\/\/lattes.cnpq.br\/7312422602842320<\/a><br \/>\n<strong>Orcid<\/strong>: ID\u00a0 0000-0003-4202-4652 &#8211; <a href=\"https:\/\/orcid.org\/0000-0003-4202-4652\">https:\/\/orcid.org\/0000-0003-4202-4652<\/a><br \/>\n<strong>Scopus<\/strong>: ID 16028879600 &#8211; <a href=\"https:\/\/www.scopus.com\/authid\/detail.uri?authorId=16028879600\">https:\/\/www.scopus.com\/authid\/detail.uri?authorId=16028879600<\/a><br \/>\n<strong>Google scholar<\/strong>: ID wbvvomkaaaaj &#8211; <a href=\"https:\/\/scholar.google.com.br\/citations?user=WBvvOmkAAAAJ&amp;hl=pt-BR&amp;oi=ao\">https:\/\/scholar.google.com.br\/citations?user=WBvvOmkAAAAJ&amp;hl=pt-BR&amp;oi=ao<\/a><br \/>\n<strong>Research ID<\/strong>: K-3191-2016 &#8211; <a href=\"https:\/\/publons.com\/researcher\/2242097\/rames-mattar-junior\/\">https:\/\/publons.com\/researcher\/2242097\/rames-mattar-junior\/<\/a><\/p>\n<h2><strong>L\u00ednea de investigaci\u00f3n: <\/strong><\/h2>\n<p>Regeneraci\u00f3n en el Sistema Musculoesquel\u00e9tico aplicada a las t\u00e9cnicas de Cirug\u00eda de la Mano y Microcirug\u00eda Reconstructiva (trasplante \u00f3seo vascularizado, enfermedades inflamatorias, lesiones tendinosas, lesiones de nervios perif\u00e9ricos, lesiones del plexo braquial, trasplante aut\u00f3logo y hom\u00f3logo de tejidos).<\/p>\n<h2>Resumem<\/h2>\n<p>He desarrollado l\u00edneas de investigaci\u00f3n en el \u00e1rea cl\u00ednica y experimental. En el \u00e1rea cl\u00ednica creamos el CEMIM (Centro de atenci\u00f3n en Microcirug\u00eda Reconstructiva y Cirug\u00eda de la Mano) en el IOT HC FMUSP con 22 profesionales m\u00e9dicos y equipo multidisciplinario. En nuestro centro desarrollamos trabajos comparativos de diferentes abordajes en las lesiones y patolog\u00edas del sistema musculoesquel\u00e9tico. Entre los estudios destacamos evaluaciones de t\u00e9cnicas de tratamiento del revestimiento cut\u00e1neo; lesiones traum\u00e1ticas del plexo braquial; lesiones de nervios perif\u00e9ricos; lesiones de tendones; fracturas y luxaciones y estudios comparativos de implantes en t\u00e9cnicas de osteos\u00edntesis. Hace poco m\u00e1s de una d\u00e9cada creamos el laboratorio de Microcirug\u00eda Reconstructiva del IOT HC FMUSP que ha dado soporte a la ense\u00f1anza, entrenamiento y al desarrollo de l\u00edneas b\u00e1sicas de investigaci\u00f3n en Microcirug\u00eda reconstructiva. Destacamos los estudios de la curva de aprendizaje en Microcirug\u00eda reconstructiva, estudios de regeneraci\u00f3n de nervios perif\u00e9ricos, microanastomosis vasculares y de la biolog\u00eda de cicatrizaci\u00f3n y regeneraci\u00f3n m\u00fasculo-tendinosa.<\/p>\n<h2>Art\u00edculos relevantes:<\/h2>\n<ol>\n<li>Silva GB, Vellosa MT, Cho AB, Costa RBID, Camargo OP, Mattar R J\u00fanior. Medial femoral condyle corticoperiosteal flap: anatomic study. Acta Ortop Bras. 2018May-Jun;26(3):179-182.<\/li>\n<li>de Rezende MR, Saito M, Paulos RG, Ribak S, Abarca Herrera AK, Cho \u00c1B, Mattar R Jr. Reduction of Morbidity With a Reverse-Flow Sural Flap: A Two-StageTechnique. J Foot Ankle Surg. 2018 Jul &#8211; Aug;57(4):821-825.<\/li>\n<li>Iamaguchi RB, Takemura RL, Silva GB, de Oliveira Alves JA, Torres LR, Cho AB, \u00a0Wei TH, de Rezende MR, Mattar R Jr. Peri-operative risk factors for complications of free flaps in traumatic wounds &#8211; a cross-sectional study. Int Orthop. 2018 May;42(5):1149-1156.<\/li>\n<li>Cavinatto L, Malavolta EA, Pereira CAM, Miranda-Rodrigues M, Silva LCM,Gouveia CH, de Cesar Netto C, Mattar Junior R, Fereira Neto AA. Early versus late repair of rotator cuff tears in rats. J Shoulder Elbow Surg. 2018Apr;27(4):606-613.<\/li>\n<li>Dos Anjos KC, de Rezende MR, Mattar R J\u00fanior. Social and hospital costs of patients admitted to a university hospital in Brazil due to motorcycle crashes.Traffic Inj Prev. 2017 Aug 18;18(6):585-592.<\/li>\n<\/ol>\n<h2><\/h2>\n<h2><strong>PROJETOS ORIENTADOR\/ LINHA<\/strong><\/h2>\n<p><strong>Linha 3. DIST\u00daRBIOS DEGENERATIVOS, INFLAMAT\u00d3RIOS E ESTRUTURAIS DO SISTEMA LOCOMOTOR<br \/>\n<\/strong><strong>PROJETO RAMES MATTAR<\/strong>: ESTUDOS DA EPIDEMIOLOGIA, FISIOLOGIA, FISIOPATOLOGIA, ANATOMIA E TERAP\u00caUTICA EM LES\u00d5ES E ALTERA\u00c7\u00d5ES DA FISIOLOGIA DOS SISTEMAS MUSCULOESQUEL\u00c9TICO E DOS NERVOS PERIF\u00c9RICOS<\/p>","protected":false},"excerpt":{"rendered":"<p>T\u00edtulo: Profesor Asociado E-mail: rames@usp.br Lattes: http:\/\/lattes.cnpq.br\/7312422602842320 Orcid: ID\u00a0 0000-0003-4202-4652 &#8211; https:\/\/orcid.org\/0000-0003-4202-4652 Scopus: ID 16028879600 &#8211; https:\/\/www.scopus.com\/authid\/detail.uri?authorId=16028879600 Google scholar: ID wbvvomkaaaaj &#8211; https:\/\/scholar.google.com.br\/citations?user=WBvvOmkAAAAJ&amp;hl=pt-BR&amp;oi=ao Research ID: K-3191-2016 [&hellip;]<\/p>\n","protected":false},"author":1,"featured_media":0,"parent":25,"menu_order":0,"comment_status":"closed","ping_status":"closed","template":"","meta":{"footnotes":""},"class_list":["post-604","page","type-page","status-publish","hentry"],"yoast_head":"<!-- This site is optimized with the Yoast SEO plugin v25.5 - https:\/\/yoast.com\/wordpress\/plugins\/seo\/ -->\n<title>Rames Mattar Junior - P\u00f3s-Gradua\u00e7\u00e3o em Ci\u00eancias do Sistema Musculoesquel\u00e9tico<\/title>\n<meta name=\"robots\" content=\"index, follow, max-snippet:-1, max-image-preview:large, max-video-preview:-1\" \/>\n<link rel=\"canonical\" href=\"https:\/\/www.musculoesqueleticousp.com.br\/pesquisas\/orientadores\/rames-mattar-junior\/\" \/>\n<meta property=\"og:locale\" content=\"es_ES\" \/>\n<meta property=\"og:type\" content=\"article\" \/>\n<meta property=\"og:title\" content=\"Rames Mattar Junior - P\u00f3s-Gradua\u00e7\u00e3o em Ci\u00eancias do Sistema Musculoesquel\u00e9tico\" \/>\n<meta property=\"og:description\" content=\"T\u00edtulo: Profesor Asociado E-mail: rames@usp.br Lattes: http:\/\/lattes.cnpq.br\/7312422602842320 Orcid: ID\u00a0 0000-0003-4202-4652 &#8211; https:\/\/orcid.org\/0000-0003-4202-4652 Scopus: ID 16028879600 &#8211; https:\/\/www.scopus.com\/authid\/detail.uri?authorId=16028879600 Google scholar: ID wbvvomkaaaaj &#8211; https:\/\/scholar.google.com.br\/citations?user=WBvvOmkAAAAJ&amp;hl=pt-BR&amp;oi=ao Research ID: K-3191-2016 [&hellip;]\" \/>\n<meta property=\"og:url\" content=\"https:\/\/www.musculoesqueleticousp.com.br\/pesquisas\/orientadores\/rames-mattar-junior\/\" \/>\n<meta property=\"og:site_name\" content=\"P\u00f3s-Gradua\u00e7\u00e3o em Ci\u00eancias do Sistema Musculoesquel\u00e9tico\" \/>\n<meta property=\"article:modified_time\" content=\"2024-06-18T19:50:48+00:00\" \/>\n<meta property=\"og:image\" content=\"http:\/\/www.musculoesqueleticousp.com.br\/wp-content\/uploads\/2020\/05\/e_FOTO_RAMES-MATTAR-JUNIOR.jpg\" \/>\n<meta name=\"twitter:card\" content=\"summary_large_image\" \/>\n<meta name=\"twitter:label1\" content=\"Tiempo de lectura\" \/>\n\t<meta name=\"twitter:data1\" content=\"7 minutos\" \/>\n<script type=\"application\/ld+json\" class=\"yoast-schema-graph\">{\"@context\":\"https:\/\/schema.org\",\"@graph\":[{\"@type\":\"WebPage\",\"@id\":\"https:\/\/www.musculoesqueleticousp.com.br\/pesquisas\/orientadores\/rames-mattar-junior\/\",\"url\":\"https:\/\/www.musculoesqueleticousp.com.br\/pesquisas\/orientadores\/rames-mattar-junior\/\",\"name\":\"Rames Mattar Junior - P\u00f3s-Gradua\u00e7\u00e3o em Ci\u00eancias do Sistema Musculoesquel\u00e9tico\",\"isPartOf\":{\"@id\":\"https:\/\/www.musculoesqueleticousp.com.br\/en\/#website\"},\"primaryImageOfPage\":{\"@id\":\"https:\/\/www.musculoesqueleticousp.com.br\/pesquisas\/orientadores\/rames-mattar-junior\/#primaryimage\"},\"image\":{\"@id\":\"https:\/\/www.musculoesqueleticousp.com.br\/pesquisas\/orientadores\/rames-mattar-junior\/#primaryimage\"},\"thumbnailUrl\":\"http:\/\/www.musculoesqueleticousp.com.br\/wp-content\/uploads\/2020\/05\/e_FOTO_RAMES-MATTAR-JUNIOR.jpg\",\"datePublished\":\"2020-05-08T13:47:16+00:00\",\"dateModified\":\"2024-06-18T19:50:48+00:00\",\"breadcrumb\":{\"@id\":\"https:\/\/www.musculoesqueleticousp.com.br\/pesquisas\/orientadores\/rames-mattar-junior\/#breadcrumb\"},\"inLanguage\":\"es\",\"potentialAction\":[{\"@type\":\"ReadAction\",\"target\":[\"https:\/\/www.musculoesqueleticousp.com.br\/pesquisas\/orientadores\/rames-mattar-junior\/\"]}]},{\"@type\":\"ImageObject\",\"inLanguage\":\"es\",\"@id\":\"https:\/\/www.musculoesqueleticousp.com.br\/pesquisas\/orientadores\/rames-mattar-junior\/#primaryimage\",\"url\":\"http:\/\/www.musculoesqueleticousp.com.br\/wp-content\/uploads\/2020\/05\/e_FOTO_RAMES-MATTAR-JUNIOR.jpg\",\"contentUrl\":\"http:\/\/www.musculoesqueleticousp.com.br\/wp-content\/uploads\/2020\/05\/e_FOTO_RAMES-MATTAR-JUNIOR.jpg\"},{\"@type\":\"BreadcrumbList\",\"@id\":\"https:\/\/www.musculoesqueleticousp.com.br\/pesquisas\/orientadores\/rames-mattar-junior\/#breadcrumb\",\"itemListElement\":[{\"@type\":\"ListItem\",\"position\":1,\"name\":\"Home\",\"item\":\"https:\/\/www.musculoesqueleticousp.com.br\/en\/\"},{\"@type\":\"ListItem\",\"position\":2,\"name\":\"Research\",\"item\":\"https:\/\/www.musculoesqueleticousp.com.br\/en\/pesquisas\/\"},{\"@type\":\"ListItem\",\"position\":3,\"name\":\"Orientadores\",\"item\":\"https:\/\/www.musculoesqueleticousp.com.br\/pesquisas\/orientadores\/\"},{\"@type\":\"ListItem\",\"position\":4,\"name\":\"Rames Mattar Junior\"}]},{\"@type\":\"WebSite\",\"@id\":\"https:\/\/www.musculoesqueleticousp.com.br\/en\/#website\",\"url\":\"https:\/\/www.musculoesqueleticousp.com.br\/en\/\",\"name\":\"P\u00f3s-Gradua\u00e7\u00e3o em Ci\u00eancias do Sistema Musculoesquel\u00e9tico\",\"description\":\"Website do P\u00f3s-Gradua\u00e7\u00e3o em Ci\u00eancias do Sistema Musculoesquel\u00e9tico\",\"publisher\":{\"@id\":\"https:\/\/www.musculoesqueleticousp.com.br\/en\/#organization\"},\"potentialAction\":[{\"@type\":\"SearchAction\",\"target\":{\"@type\":\"EntryPoint\",\"urlTemplate\":\"https:\/\/www.musculoesqueleticousp.com.br\/en\/?s={search_term_string}\"},\"query-input\":{\"@type\":\"PropertyValueSpecification\",\"valueRequired\":true,\"valueName\":\"search_term_string\"}}],\"inLanguage\":\"es\"},{\"@type\":\"Organization\",\"@id\":\"https:\/\/www.musculoesqueleticousp.com.br\/en\/#organization\",\"name\":\"P\u00f3s-Gradua\u00e7\u00e3o em Ci\u00eancias do Sistema Musculoesquel\u00e9tico\",\"url\":\"https:\/\/www.musculoesqueleticousp.com.br\/en\/\",\"logo\":{\"@type\":\"ImageObject\",\"inLanguage\":\"es\",\"@id\":\"https:\/\/www.musculoesqueleticousp.com.br\/en\/#\/schema\/logo\/image\/\",\"url\":\"https:\/\/www.musculoesqueleticousp.com.br\/wp-content\/uploads\/2020\/04\/logo_pg_cme_v3_h120.png\",\"contentUrl\":\"https:\/\/www.musculoesqueleticousp.com.br\/wp-content\/uploads\/2020\/04\/logo_pg_cme_v3_h120.png\",\"width\":481,\"height\":120,\"caption\":\"P\u00f3s-Gradua\u00e7\u00e3o em Ci\u00eancias do Sistema Musculoesquel\u00e9tico\"},\"image\":{\"@id\":\"https:\/\/www.musculoesqueleticousp.com.br\/en\/#\/schema\/logo\/image\/\"}}]}<\/script>\n<!-- \/ Yoast SEO plugin. -->","yoast_head_json":{"title":"Rames Mattar Junior - P\u00f3s-Gradua\u00e7\u00e3o em Ci\u00eancias do Sistema Musculoesquel\u00e9tico","robots":{"index":"index","follow":"follow","max-snippet":"max-snippet:-1","max-image-preview":"max-image-preview:large","max-video-preview":"max-video-preview:-1"},"canonical":"https:\/\/www.musculoesqueleticousp.com.br\/pesquisas\/orientadores\/rames-mattar-junior\/","og_locale":"es_ES","og_type":"article","og_title":"Rames Mattar Junior - P\u00f3s-Gradua\u00e7\u00e3o em Ci\u00eancias do Sistema Musculoesquel\u00e9tico","og_description":"T\u00edtulo: Profesor Asociado E-mail: rames@usp.br Lattes: http:\/\/lattes.cnpq.br\/7312422602842320 Orcid: ID\u00a0 0000-0003-4202-4652 &#8211; https:\/\/orcid.org\/0000-0003-4202-4652 Scopus: ID 16028879600 &#8211; https:\/\/www.scopus.com\/authid\/detail.uri?authorId=16028879600 Google scholar: ID wbvvomkaaaaj &#8211; https:\/\/scholar.google.com.br\/citations?user=WBvvOmkAAAAJ&amp;hl=pt-BR&amp;oi=ao Research ID: K-3191-2016 [&hellip;]","og_url":"https:\/\/www.musculoesqueleticousp.com.br\/pesquisas\/orientadores\/rames-mattar-junior\/","og_site_name":"P\u00f3s-Gradua\u00e7\u00e3o em Ci\u00eancias do Sistema Musculoesquel\u00e9tico","article_modified_time":"2024-06-18T19:50:48+00:00","og_image":[{"url":"http:\/\/www.musculoesqueleticousp.com.br\/wp-content\/uploads\/2020\/05\/e_FOTO_RAMES-MATTAR-JUNIOR.jpg","type":"","width":"","height":""}],"twitter_card":"summary_large_image","twitter_misc":{"Tiempo de lectura":"7 minutos"},"schema":{"@context":"https:\/\/schema.org","@graph":[{"@type":"WebPage","@id":"https:\/\/www.musculoesqueleticousp.com.br\/pesquisas\/orientadores\/rames-mattar-junior\/","url":"https:\/\/www.musculoesqueleticousp.com.br\/pesquisas\/orientadores\/rames-mattar-junior\/","name":"Rames Mattar Junior - P\u00f3s-Gradua\u00e7\u00e3o em Ci\u00eancias do Sistema Musculoesquel\u00e9tico","isPartOf":{"@id":"https:\/\/www.musculoesqueleticousp.com.br\/en\/#website"},"primaryImageOfPage":{"@id":"https:\/\/www.musculoesqueleticousp.com.br\/pesquisas\/orientadores\/rames-mattar-junior\/#primaryimage"},"image":{"@id":"https:\/\/www.musculoesqueleticousp.com.br\/pesquisas\/orientadores\/rames-mattar-junior\/#primaryimage"},"thumbnailUrl":"http:\/\/www.musculoesqueleticousp.com.br\/wp-content\/uploads\/2020\/05\/e_FOTO_RAMES-MATTAR-JUNIOR.jpg","datePublished":"2020-05-08T13:47:16+00:00","dateModified":"2024-06-18T19:50:48+00:00","breadcrumb":{"@id":"https:\/\/www.musculoesqueleticousp.com.br\/pesquisas\/orientadores\/rames-mattar-junior\/#breadcrumb"},"inLanguage":"es","potentialAction":[{"@type":"ReadAction","target":["https:\/\/www.musculoesqueleticousp.com.br\/pesquisas\/orientadores\/rames-mattar-junior\/"]}]},{"@type":"ImageObject","inLanguage":"es","@id":"https:\/\/www.musculoesqueleticousp.com.br\/pesquisas\/orientadores\/rames-mattar-junior\/#primaryimage","url":"http:\/\/www.musculoesqueleticousp.com.br\/wp-content\/uploads\/2020\/05\/e_FOTO_RAMES-MATTAR-JUNIOR.jpg","contentUrl":"http:\/\/www.musculoesqueleticousp.com.br\/wp-content\/uploads\/2020\/05\/e_FOTO_RAMES-MATTAR-JUNIOR.jpg"},{"@type":"BreadcrumbList","@id":"https:\/\/www.musculoesqueleticousp.com.br\/pesquisas\/orientadores\/rames-mattar-junior\/#breadcrumb","itemListElement":[{"@type":"ListItem","position":1,"name":"Home","item":"https:\/\/www.musculoesqueleticousp.com.br\/en\/"},{"@type":"ListItem","position":2,"name":"Research","item":"https:\/\/www.musculoesqueleticousp.com.br\/en\/pesquisas\/"},{"@type":"ListItem","position":3,"name":"Orientadores","item":"https:\/\/www.musculoesqueleticousp.com.br\/pesquisas\/orientadores\/"},{"@type":"ListItem","position":4,"name":"Rames Mattar Junior"}]},{"@type":"WebSite","@id":"https:\/\/www.musculoesqueleticousp.com.br\/en\/#website","url":"https:\/\/www.musculoesqueleticousp.com.br\/en\/","name":"P\u00f3s-Gradua\u00e7\u00e3o em Ci\u00eancias do Sistema Musculoesquel\u00e9tico","description":"Website do P\u00f3s-Gradua\u00e7\u00e3o em Ci\u00eancias do Sistema Musculoesquel\u00e9tico","publisher":{"@id":"https:\/\/www.musculoesqueleticousp.com.br\/en\/#organization"},"potentialAction":[{"@type":"SearchAction","target":{"@type":"EntryPoint","urlTemplate":"https:\/\/www.musculoesqueleticousp.com.br\/en\/?s={search_term_string}"},"query-input":{"@type":"PropertyValueSpecification","valueRequired":true,"valueName":"search_term_string"}}],"inLanguage":"es"},{"@type":"Organization","@id":"https:\/\/www.musculoesqueleticousp.com.br\/en\/#organization","name":"P\u00f3s-Gradua\u00e7\u00e3o em Ci\u00eancias do Sistema Musculoesquel\u00e9tico","url":"https:\/\/www.musculoesqueleticousp.com.br\/en\/","logo":{"@type":"ImageObject","inLanguage":"es","@id":"https:\/\/www.musculoesqueleticousp.com.br\/en\/#\/schema\/logo\/image\/","url":"https:\/\/www.musculoesqueleticousp.com.br\/wp-content\/uploads\/2020\/04\/logo_pg_cme_v3_h120.png","contentUrl":"https:\/\/www.musculoesqueleticousp.com.br\/wp-content\/uploads\/2020\/04\/logo_pg_cme_v3_h120.png","width":481,"height":120,"caption":"P\u00f3s-Gradua\u00e7\u00e3o em Ci\u00eancias do Sistema Musculoesquel\u00e9tico"},"image":{"@id":"https:\/\/www.musculoesqueleticousp.com.br\/en\/#\/schema\/logo\/image\/"}}]}},"_links":{"self":[{"href":"https:\/\/www.musculoesqueleticousp.com.br\/es\/wp-json\/wp\/v2\/pages\/604","targetHints":{"allow":["GET"]}}],"collection":[{"href":"https:\/\/www.musculoesqueleticousp.com.br\/es\/wp-json\/wp\/v2\/pages"}],"about":[{"href":"https:\/\/www.musculoesqueleticousp.com.br\/es\/wp-json\/wp\/v2\/types\/page"}],"author":[{"embeddable":true,"href":"https:\/\/www.musculoesqueleticousp.com.br\/es\/wp-json\/wp\/v2\/users\/1"}],"replies":[{"embeddable":true,"href":"https:\/\/www.musculoesqueleticousp.com.br\/es\/wp-json\/wp\/v2\/comments?post=604"}],"version-history":[{"count":9,"href":"https:\/\/www.musculoesqueleticousp.com.br\/es\/wp-json\/wp\/v2\/pages\/604\/revisions"}],"predecessor-version":[{"id":2855,"href":"https:\/\/www.musculoesqueleticousp.com.br\/es\/wp-json\/wp\/v2\/pages\/604\/revisions\/2855"}],"up":[{"embeddable":true,"href":"https:\/\/www.musculoesqueleticousp.com.br\/es\/wp-json\/wp\/v2\/pages\/25"}],"wp:attachment":[{"href":"https:\/\/www.musculoesqueleticousp.com.br\/es\/wp-json\/wp\/v2\/media?parent=604"}],"curies":[{"name":"wp","href":"https:\/\/api.w.org\/{rel}","templated":true}]}}